{"id":4849,"date":"2024-12-20T10:49:04","date_gmt":"2024-12-20T09:49:04","guid":{"rendered":"https:\/\/www.eve.eus\/ley-de-transicion-energetica-y-cambio-climatico\/"},"modified":"2025-01-27T13:40:40","modified_gmt":"2025-01-27T12:40:40","slug":"loi-sur-la-transition-energetique-et-le-changement-climatique","status":"publish","type":"page","link":"https:\/\/www.eve.eus\/fr\/les-moteurs-de-la-transition\/lenergie-au-pays-basque\/loi-sur-la-transition-energetique-et-le-changement-climatique\/","title":{"rendered":"Loi sur la Transition \u00c9nerg\u00e9tique et le Changement Climatique"},"content":{"rendered":"<div class=\"row\">\r\n<div class=\"col-md-5\"><img alt=\"Transici\u00f3n Energ\u00e9tica y Cambio Clim\u00e1tico\" data-src=\"\/assets\/media\/transicion-energetica.jpg \" class=\" lazyload\"><\/div>\r\n\r\n<div class=\"col-md-7\">\r\n<p><a href=\"https:\/\/www.legegunea.euskadi.eus\/eli\/es-pv\/l\/2024\/02\/08\/1\/dof\/spa\/html\/\" target=\"_blank\"><strong>La loi sur la Transition \u00c9nerg\u00e9tique et le Changement Climatique d\u2019Euskadi<\/strong> <\/a>s\u2019inscrit dans l\u2019esprit du Green Deal europ\u00e9en dans la recherche de la comp\u00e9titivit\u00e9 li\u00e9e au d\u00e9veloppement durable et \u00e9quitable de la soci\u00e9t\u00e9 basque. Pour cela, elle saisit les opportunit\u00e9s offertes par le processus de transition \u00e9nerg\u00e9tique \u00e0 travers une transformation progressive de l\u2019industrie basque bas\u00e9e sur le d\u00e9veloppement technologique-industriel et sa d\u00e9carbonation.<\/p>\r\n\r\n<p>Cette norme facilitera l\u2019alignement du Pays basque avec toutes les r\u00e9glementations, politiques et plans pour lesquels il a exprim\u00e9 son engagement et son adh\u00e9sion, et dont les objectifs sont les suivants :<\/p>\r\n\r\n<ul>\r\n\t<li><strong>Promouvoir la d\u00e9carbonation <\/strong>de l\u2019\u00e9conomie pour atteindre la <strong>neutralit\u00e9 climatique en 2050<\/strong>, gr\u00e2ce \u00e0 l\u2019\u00e9conomie et \u00e0 l\u2019efficacit\u00e9 \u00e9nerg\u00e9tique, \u00e0 l\u2019utilisation de sources d\u2019\u00e9nergie renouvelables, \u00e0 l\u2019\u00e9lectrification de la consommation \u00e9nerg\u00e9tique et aux puits de carbone.<\/li>\r\n\t<li><strong>Parvenir \u00e0 un territoire r\u00e9silient au changement climatique<\/strong>, \u00e0 partir d\u2019actions territorialis\u00e9es, coordonn\u00e9es et efficaces qui privil\u00e9gient les solutions bas\u00e9es sur la nature, et assurer une transition \u00e9nerg\u00e9tique et climatique \u00e9quitable qui tienne compte de tous les groupes vuln\u00e9rables.<\/li>\r\n\t<li>Am\u00e9liorer la <strong>comp\u00e9titivit\u00e9 de l\u2019\u00e9conomie <\/strong>dans la transition \u00e9nerg\u00e9tique et climatique, en favorisant un d\u00e9veloppement technologique et industriel qui permette d\u2019apporter des solutions innovantes tant pour atteindre la neutralit\u00e9 que pour la r\u00e9silience climatique.\u00a0<\/li>\r\n<\/ul>\r\n<\/div>\r\n<\/div>\r\n\r\n<div class=\"row\">\r\n<div class=\"col-md-10 m-auto\">\r\n<div class=\"module-title text-center\">\r\n<h2 class=\"sidelines\"><span>Principaux objectifs<\/span><\/h2>\r\n<\/div>\r\n<\/div>\r\n<\/div>\r\n\r\n<div class=\"row\">\r\n<div class=\"col-md-12\">\r\n<p>Cette loi \u00e9tablit un cadre juridique stable pour atteindre la neutralit\u00e9 climatique au Pays basque au plus tard en 2050 et accro\u00eetre la r\u00e9silience du territoire au changement climatique. Il s\u2019agit toutefois d\u2019une loi ambitieuse car elle contient \u00e9galement, l\u2019engagement de faire les efforts n\u00e9cessaires pour atteindre l\u2019objectif de la neutralit\u00e9 climatique d\u2019ici 2045.<\/p>\r\n\r\n<p>La loi comprend d\u2019autres objectifs importants tels que :<\/p>\r\n\r\n<ul>\r\n\t<li>R\u00e9duction d\u2019au moins 12% sur la consommation finale d\u2019\u00e9nergie d\u2019ici \u00e0 2030 et de 37% d\u2019ici \u00e0 2050, sur la base des donn\u00e9es de 2021.<\/li>\r\n\t<li>Part des \u00e9nergies renouvelables dans la consommation finale \u00e9nerg\u00e9tique d\u2019au moins 32% en 2030.<\/li>\r\n\t<li>R\u00e9duction des \u00e9missions de 45% en 2030 par rapport \u00e0 2005.<\/li>\r\n<\/ul>\r\n\r\n<p>Afin de garantir ces d\u00e9fis, la loi propose une s\u00e9rie de mesures qui peuvent \u00eatre regroup\u00e9es dans les chapitres suivants :<\/p>\r\n\r\n<ul>\r\n\t<li><strong>Chapitre I.<\/strong> Dispositions g\u00e9n\u00e9rales, objet et objectifs.<\/li>\r\n\t<li><strong>Chapitre II.<\/strong> Gouvernance, comp\u00e9tences et fonctions des administrations publiques basques en mati\u00e8re de transition \u00e9nerg\u00e9tique et changement climatique.<\/li>\r\n\t<li><strong>Chapitre III.<\/strong> Instruments de planification pour la r\u00e9alisation des objectifs de la loi.<\/li>\r\n\t<li><strong>Chapitre IV.<\/strong> R\u00e9glementation de la transition \u00e9nerg\u00e9tique et des autres politiques sectorielles contribuant \u00e0 la neutralit\u00e9.<\/li>\r\n\t<li><strong>Chapitre V.<\/strong> Mesures pour assurer la r\u00e9silience du territoire et de la soci\u00e9t\u00e9 basque.<\/li>\r\n\t<li><strong>Chapitre VI.<\/strong> Outils transversaux concernant la transition \u00e9nerg\u00e9tique et le changement climatique.\u00a0<\/li>\r\n<\/ul>\r\n<\/div>\r\n<\/div>\r\n\r\n<div class=\"row\">\r\n<div class=\"col-md-10 m-auto\">\r\n<div class=\"module-title text-center\">\r\n<h2 class=\"sidelines\"><span>Documentation<\/span><\/h2>\r\n<\/div>\r\n<\/div>\r\n<\/div>\r\n\r\n<div class=\"row\">\r\n<div class=\"col-md-12\">\r\n<p><a href=\"\/assets\/media\/240222-DECALOGO-EMPRESAS-LTECC_es.pdf\" target=\"_blank\"><i class=\"fa fa-file-o mr-2\">\u00a0<\/i> D\u00e9calogue pour les entreprises<\/a><\/p>\r\n\r\n<p><a href=\"\/assets\/media\/240416-DECALOGO-MUNICIPIOS-LTECC_cas.pdf\" target=\"_blank\"><i class=\"fa fa-file-o mr-2\">\u00a0<\/i> D\u00e9calogue pour les municipalit\u00e9s<\/a><\/p>\r\n\r\n<p><a href=\"\/assets\/media\/Ley-TECC-Laburra-2024-03-02_EN-ES.pdf\" target=\"_blank\"><i class=\"fa fa-file-o mr-2\">\u00a0<\/i> Pr\u00e9sentation sommaire de la Loi sur la Transition \u00c9nerg\u00e9tique et le Changement Climatique<\/a><\/p>\r\n\r\n<p><a href=\"\/assets\/media\/PPT-Ley-TECCV7.pdf\" target=\"_blank\"><i class=\"fa fa-file-o mr-2\">\u00a0<\/i> Pr\u00e9sentation compl\u00e8te de la Loi sur la Transition \u00c9nerg\u00e9tique et le Changement Climatique<\/a><\/p>\r\n\r\n<p><a href=\"https:\/\/www.legegunea.euskadi.eus\/eli\/es-pv\/l\/2024\/02\/08\/1\/dof\/spa\/html\/webleg00-contfich\/es\/\" target=\"_blank\"><i class=\"fa fa-file-o mr-2\">\u00a0<\/i> Texte l\u00e9gal de la Loi sur la Transition \u00c9nerg\u00e9tique et le Changement Climatique<\/a><\/p>\r\n<\/div>\r\n<\/div>\r\n","protected":false},"excerpt":{"rendered":"<p>La loi sur la Transition \u00c9nerg\u00e9tique et le Changement Climatique d\u2019Euskadi s\u2019inscrit dans l\u2019esprit du Green Deal europ\u00e9en dans la recherche de la comp\u00e9titivit\u00e9 li\u00e9e au d\u00e9veloppement durable et \u00e9quitable de la soci\u00e9t\u00e9 basque. Pour cela, elle saisit les opportunit\u00e9s offertes par le processus de transition \u00e9nerg\u00e9tique \u00e0 travers une transformation progressive de l\u2019industrie basque [&hellip;]<\/p>\n","protected":false},"author":1,"featured_media":1870,"parent":5431,"menu_order":20,"comment_status":"closed","ping_status":"closed","template":"templates\/page-with-container.php","meta":{"_acf_changed":false,"footnotes":""},"class_list":["post-4849","page","type-page","status-publish","has-post-thumbnail","hentry"],"acf":[],"_links":{"self":[{"href":"https:\/\/www.eve.eus\/fr\/wp-json\/wp\/v2\/pages\/4849","targetHints":{"allow":["GET"]}}],"collection":[{"href":"https:\/\/www.eve.eus\/fr\/wp-json\/wp\/v2\/pages"}],"about":[{"href":"https:\/\/www.eve.eus\/fr\/wp-json\/wp\/v2\/types\/page"}],"author":[{"embeddable":true,"href":"https:\/\/www.eve.eus\/fr\/wp-json\/wp\/v2\/users\/1"}],"replies":[{"embeddable":true,"href":"https:\/\/www.eve.eus\/fr\/wp-json\/wp\/v2\/comments?post=4849"}],"version-history":[{"count":2,"href":"https:\/\/www.eve.eus\/fr\/wp-json\/wp\/v2\/pages\/4849\/revisions"}],"predecessor-version":[{"id":4851,"href":"https:\/\/www.eve.eus\/fr\/wp-json\/wp\/v2\/pages\/4849\/revisions\/4851"}],"up":[{"embeddable":true,"href":"https:\/\/www.eve.eus\/fr\/wp-json\/wp\/v2\/pages\/5431"}],"wp:featuredmedia":[{"embeddable":true,"href":"https:\/\/www.eve.eus\/fr\/wp-json\/wp\/v2\/media\/1870"}],"wp:attachment":[{"href":"https:\/\/www.eve.eus\/fr\/wp-json\/wp\/v2\/media?parent=4849"}],"curies":[{"name":"wp","href":"https:\/\/api.w.org\/{rel}","templated":true}]}}