{"id":5869,"date":"2024-12-18T15:27:08","date_gmt":"2024-12-18T14:27:08","guid":{"rendered":"https:\/\/www.eve.eus\/portal-de-la-transparencia\/bimep\/"},"modified":"2026-04-23T12:24:05","modified_gmt":"2026-04-23T10:24:05","slug":"bimep","status":"publish","type":"page","link":"https:\/\/www.eve.eus\/fr\/portail-de-la-transparence\/bimep\/","title":{"rendered":"BIMEP"},"content":{"rendered":"<table cellspacing=\"0\" class=\"TabControlTable\">\r\n<tbody>\r\n<tr class=\"TabControlRow\">\r\n<td id=\"TabLeft_0\" class=\"TabControlLeft\">\u00a0<\/td>\r\n<td id=\"TabItem_0\" class=\"TabControl\"><a id=\"TabLink_0\" class=\"TabControlLink\" href=\"https:\/\/www.eve.eus\/fr\/portail-de-la-transparence\/ente-vasco-de-la-energia\/\">Ente Vasco de la Energ\u00eda<\/a><\/td>\r\n\r\n<td id=\"TabRight_0\" class=\"TabControlRight\">\u00a0<\/td><td id=\"TabLeft_1\" class=\"TabControlLeft\">\u00a0<\/td>\r\n\r\n<td id=\"TabItem_1\" class=\"TabControl\"><a id=\"TabLink_1\" class=\"TabControlLink\" href=\"https:\/\/www.eve.eus\/fr\/portail-de-la-transparence\/cadem\/\">CADEM<\/a><\/td>\r\n\r\n<td id=\"TabRight_1\" class=\"TabControlRight\">\u00a0<\/td><td id=\"TabLeft_2\" class=\"TabControlLeft\">\u00a0<\/td>\r\n\r\n<td id=\"TabItem_2\" class=\"TabControl\"><a id=\"TabLink_2\" class=\"TabControlLink\" href=\"https:\/\/www.eve.eus\/fr\/portail-de-la-transparence\/shesa\/\">SHESA<\/a><\/td>\r\n\r\n<td id=\"TabRight_2\" class=\"TabControlRight\">\u00a0<\/td><td id=\"TabLeft_3\" class=\"TabControlLeft\">\u00a0<\/td>\r\n\r\n<td id=\"TabItem_3\" class=\"TabControl\"><a id=\"TabLink_3\" class=\"TabControlLink\" href=\"https:\/\/www.eve.eus\/fr\/portail-de-la-transparence\/bimep\/\">BIMEP<\/a><\/td>\r\n\r\n<td id=\"TabRight_2\" class=\"TabControlRight\">\u00a0<\/td><td id=\"TabLeft_3\" class=\"TabControlLeft\">\u00a0<\/td>\r\n\r\n<td id=\"TabItem_4\" class=\"TabControl\"><a id=\"TabLink_4\" class=\"TabControlLink\" href=\"https:\/\/www.eve.eus\/fr\/portail-de-la-transparence\/harana-kontrasta\/\">Harana Kontrasta<\/a><\/td>\r\n\r\n<td id=\"TabRight_2\" class=\"TabControlRight\">\u00a0<\/td><td id=\"TabLeft_3\" class=\"TabControlLeft\">\u00a0<\/td>\r\n\r\n<\/tr><\/tbody><\/table>\r\n\r\n<div class=\"row\">\r\n<div class=\"col-md-12\">\r\n<h2>BIMEP<\/h2>\r\n\r\n<table class=\"transparencia\">\r\n\t<thead>\r\n\t\t<tr>\r\n\t\t\t<th><strong>1. Information institutionnelle et organisationnelle<\/strong><\/th>\r\n\t\t\t<th><strong>Lien<\/strong><\/th>\r\n\t\t\t<th><strong>PDF<\/strong><\/th>\r\n\t\t<\/tr>\r\n\t<\/thead>\r\n\t<tbody>\r\n\t\t<tr>\r\n\t\t\t<td>D\u00e9cret portant Cr\u00e9ation<\/td>\r\n\t\t\t<td>\u2013<\/td>\r\n\t\t\t<td><a href=\"\/assets\/media\/01-Decreto-270-2011-Constitucion-BIMEPSA.pdf\" target=\"_blank\"><i class=\"fa-regular fa-file-pdf fa-2x\"><\/i><\/a><\/td>\r\n\t\t<\/tr>\r\n\t\t<tr>\r\n\t\t\t<td>Statuts<\/td>\r\n\t\t\t<td>\u2013<\/td>\r\n\t\t\t<td><a href=\"https:\/\/www.eve.eus\/assets\/media\/01.-BIMEP-Estatutos-act.-14-01-2026.pdf\" target=\"_blank\"><i class=\"fa-regular fa-file-pdf fa-2x\"><\/i><\/a><\/td>\r\n\t\t<\/tr>\r\n\t\t<tr>\r\n\t\t\t<td>Conseil Administrationn<\/td>\r\n\t\t\t<td>\u2013<\/td>\r\n\t\t\t<td><a href=\"https:\/\/www.eve.eus\/assets\/media\/03.-Consejo-Administracion-BIMEPSA-rev-30-06-2025.pdf\" target=\"_blank\"><i class=\"fa-regular fa-file-pdf fa-2x\"><\/i><\/a><\/td>\r\n\t\t<\/tr>\r\n\t\t<tr>\r\n\t\t\t<td>Frais publics<\/td>\r\n\t\t\t<td>Inexistante<\/td>\r\n\t\t\t<td>\u2013<\/td>\r\n\t\t<\/tr>\r\n\t\t<tr>\r\n\t\t\t<td>Personnel<\/td>\r\n\t\t\t<td>\u2013<\/td>\r\n\t\t\t<td><a href=\"https:\/\/www.eve.eus\/assets\/media\/04.-Personal-BIMEPSA_2025.pdf\" target=\"_blank\"><i class=\"fa-regular fa-file-pdf fa-2x\"><\/i><\/a><\/td>\r\n\t\t<\/tr>\r\n\t\t<tr>\r\n\t\t\t<td>Rapport Annuel<\/td>\r\n\t\t\t<td>\u2013<\/td>\r\n\t\t\t<td><a href=\"https:\/\/www.eve.eus\/assets\/media\/EVE-Annual-Report-2024-1.pdf\" target=\"_blank\"><i class=\"fa-regular fa-file-pdf fa-2x\"><\/i><\/a><\/td>\r\n\t\t<\/tr>\r\n\t\t<tr>\r\n\t\t\t<td>Politique Qualit\u00e9, Environnement et Pr\u00e9vention<\/td>\r\n\t\t\t<td>\u2013<\/td>\r\n\t\t\t<td><a href=\"\/assets\/media\/Kalitate-politika-Politica-de-Calidad.pdf\" target=\"_blank\"><i class=\"fa-regular fa-file-pdf fa-2x\"><\/i><\/a><\/td>\r\n\t\t<\/tr>\r\n\t\t<!--\r\n\t\t<tr>\r\n\t\t\t<td>Certificats de Qualit&eacute; et Environnement<\/td>\r\n\t\t\t<td>-<\/td>\r\n\t\t\t<td><a href=\"\/assets\/media\/ISO-9001.pdf\" target=\"_blank\"><i class=\"fa-regular fa-file-pdf fa-2x\"><\/i><\/a><a href=\"\/assets\/media\/ISO-14001.pdf\" target=\"_blank\"><i class=\"fa-regular fa-file-pdf fa-2x\"><\/i><\/a><\/td>\r\n\t\t<\/tr>\r\n\t\t-->\r\n\t\t<tr>\r\n\t\t\t<td>Fonctions d\u00e9velopp\u00e9es<\/td>\r\n\t\t\t<td>\u2013<\/td>\r\n\t\t\t<td><a href=\"\/assets\/media\/06-Funciones-BIMEP.pdf\" target=\"_blank\"><i class=\"fa-regular fa-file-pdf fa-2x\"><\/i><\/a><\/td>\r\n\t\t<\/tr>\r\n\t\t<tr>\r\n\t\t\t<td>Legegunea, r\u00e8glementation du Pays Basque<\/td>\r\n\t\t\t<td><a href=\"http:\/\/www.legegunea.euskadi.eus\/x59-home\/es\" target=\"_blank\"><i class=\"fa fa-external-link\">\u00a0<\/i><\/a><\/td>\r\n\t\t\t<td>\u2013<\/td>\r\n\t\t<\/tr>\r\n\t\t<tr>\r\n\t\t\t<td>R\u00e9solution d'autorisation ou reconnaissance de la compatibilit\u00e9<\/td>\r\n\t\t\t<td>\u2013<\/td>\r\n\t\t\t<td>Inexistante<\/td>\r\n\t\t<\/tr>\r\n\t\t<tr>\r\n\t\t\t<td>Registre des activit\u00e9s de traitement (RAT) des donn\u00e9es personnelles<\/td>\r\n\t\t\t<td>\u2013<\/td>\r\n\t\t\t<td><a href=\"https:\/\/www.eve.eus\/assets\/media\/RAT_BIMEP.pdf\" target=\"_blank\"><i class=\"fa-regular fa-file-pdf fa-2x\"><\/i><\/a><\/td>\r\n\t\t<\/tr>\r\n\t<\/tbody>\r\n<\/table>\r\n\r\n<table class=\"transparencia\">\r\n\t<thead>\r\n\t\t<tr>\r\n\t\t\t<th><strong>2. Information sur planification et \u00e9valuation<\/strong><\/th>\r\n\t\t\t<th><strong>Lien<\/strong><\/th>\r\n\t\t\t<th><strong>PDF<\/strong><\/th>\r\n\t\t<\/tr>\r\n\t<\/thead>\r\n\t<tbody>\r\n\t\t<tr>\r\n\t\t\t<td>Strat\u00e9gie \u00c9nerg\u00e9tique 3E2030<\/td>\r\n\t\t\t<td><a href=\"https:\/\/www.eve.eus\/fr\/connaissez-lenergie\/lenergie-au-pays-basque\/strategie-3e2030\/\" target=\"_blank\"><i class=\"fa fa-external-link\">\u00a0<\/i><\/a><\/td>\r\n\t\t\t<td>\u2013<\/td>\r\n\t\t<\/tr>\r\n\t\t<tr>\r\n\t\t\t<td>Strat\u00e9gie \u00c9nergiBasque<\/td>\r\n\t\t\t<td><a href=\"https:\/\/www.eve.eus\/fr\/connaissez-lenergie\/lenergie-au-pays-basque\/strategie-energibasque\/\" target=\"_blank\"><i class=\"fa fa-external-link\">\u00a0<\/i><\/a><\/td>\r\n\t\t\t<td><a href=\"https:\/\/www.eve.eus\/assets\/media\/02.-20241111_energibasque.pdf\" target=\"_blank\"><i class=\"fa-regular fa-file-pdf fa-2x\"><\/i><\/a><\/td>\r\n\t\t<\/tr>\r\n\t\t<tr>\r\n\t\t\t<td>Observatoire de conjoncture \u00e9nerg\u00e9tique<\/td>\r\n\t\t\t<td><a href=\"https:\/\/www.eve.eus\/eu\/ezagutu-energia\/energia-euskadin\/energia-egoeraren-behatokia\/\" target=\"_blank\"><i class=\"fa fa-external-link\">\u00a0<\/i><\/a><\/td>\r\n\t\t\t<td>\u2013<\/td>\r\n\t\t<\/tr>\r\n\t\t<tr>\r\n\t\t\t<td>Bilans et donn\u00e9es \u00e9nerg\u00e9tiques annuels<\/td>\r\n\t\t\t<td><a href=\"https:\/\/www.eve.eus\/eu\/ezagutu-energia\/energia-euskadin\/euskadiko-energia-datuak\/\" target=\"_blank\"><i class=\"fa fa-external-link\">\u00a0<\/i><\/a><\/td>\r\n\t\t\t<td>\u2013<\/td>\r\n\t\t<\/tr>\r\n\t\t<tr>\r\n\t\t\t<td>Projets \u00c9nerg\u00e9tiques<\/td>\r\n\t\t\t<td><a href=\"https:\/\/www.bimep.com\" target=\"_blank\"><i class=\"fa fa-external-link\">\u00a0<\/i><\/a><\/td>\r\n\t\t\t<td>\u2013<\/td>\r\n\t\t<\/tr>\r\n\t\t<tr>\r\n\t\t\t<td>Plan de pr\u00e9vention<\/td>\r\n\t\t\t<td>\u2013<\/td>\r\n\t\t\t<td><a href=\"https:\/\/www.eve.eus\/assets\/media\/01-Plan-de-Prevencion-2025.pdf\" target=\"_blank\"><i class=\"fa-regular fa-file-pdf fa-2x\"><\/i><\/a><\/td>\r\n\t\t<\/tr>\r\n\t\t<tr>\r\n\t\t\t<td>Informations statistiques sur le service<\/td>\r\n\t\t\t<td>\u2013<\/td>\r\n\t\t\t<td><a href=\"https:\/\/www.eve.eus\/assets\/media\/03.-Informacion-estadistica-del-servicio_2025.pdf\" target=\"_blank\"><i class=\"fa-regular fa-file-pdf fa-2x\"><\/i><\/a><\/td>\r\n\t\t<\/tr>\r\n\r\n\t\t<tr>\r\n\t\t\t<td>Strat\u00e9gie Basque du Hydrog\u00e8ne<\/td>\r\n\t\t\t<td><a href=\"https:\/\/www.eve.eus\/fr\/connaissez-lenergie\/lenergie-au-pays-basque\/strategie-basque-du-hydrogene\/\" target=\"_blank\"><i class=\"fa fa-external-link\">\u00a0<\/i><\/a><\/td>\r\n\t\t\t<td>\u2013<\/td>\r\n\t\t<\/tr>\r\n\t\t<!--\r\n\t\t<tr>\r\n\t\t\t<td>Transition &eacute;nerg&eacute;tique basque - Energiaren Bidea<\/td>\r\n\t\t\t<td><a href=\"https:\/\/www.eve.eus\/fr\/?page_id=4861\" target=\"_blank\"><i class=\"fa fa-external-link\">&nbsp;<\/i><\/a><\/td>\r\n\t\t\t<td>-<\/td>\r\n\t\t<\/tr>\r\n\t\t-->\r\n\t\t<tr>\r\n\t\t\t<td>Strat\u00e9gie basque de mobilit\u00e9 \u00e9lectrique<\/td>\r\n\t\t\t<td><a href=\"https:\/\/www.eve.eus\/fr\/publications\/strategie-basque-de-mobilite-electrique\/\" target=\"_blank\"><i class=\"fa fa-external-link\">\u00a0<\/i><\/a><\/td>\r\n\t\t\t<td>\u2013<\/td>\r\n\t\t<\/tr>\r\n\t\t<tr>\r\n\t\t\t<td>Plan strat\u00e9gique pour la transition \u00e9nerg\u00e9tique et le changement climatique<\/td>\r\n\t\t\t<td><a href=\"https:\/\/www.eve.eus\/fr\/publications\/plan-strategique-pour-la-transition-energetique-et-le-changement-climatique\/\" target=\"_blank\"><i class=\"fa fa-external-link\">\u00a0<\/i><\/a><\/td>\r\n\t\t\t<td>\u2013<\/td>\r\n\t\t<\/tr>\r\n\t<\/tbody>\r\n\t<tbody>\r\n\t<\/tbody>\r\n<\/table>\r\n\r\n<table class=\"transparencia\">\r\n\t<thead>\r\n\t\t<tr>\r\n\t\t\t<th><strong>3. Information sur l\u2019impact \u00e9conomique de l\u2019activit\u00e9<\/strong><\/th>\r\n\t\t\t<th><strong>Lien<\/strong><\/th>\r\n\t\t\t<th><strong>PDF<\/strong><\/th>\r\n\t\t<\/tr>\r\n\t<\/thead>\r\n\t<tbody>\r\n\t\t<tr>\r\n\t\t\t<td>Aides et subventions<\/td>\r\n\t\t\t<td>\u2013<\/td>\r\n\t\t\t<td>Non accord\u00e9es<\/td>\r\n\t\t<\/tr>\r\n\t\t<tr>\r\n\t\t\t<td>Contrats<\/td>\r\n\t\t\t<td><a href=\"https:\/\/www.eve.eus\/fr\/profil-du-contractant\/description\/\" target=\"_blank\"><i class=\"fa fa-external-link\">\u00a0<\/i><\/a><\/td>\r\n\t\t\t<td><a href=\"https:\/\/www.eve.eus\/assets\/media\/BIMEP-Contratos-3.pdf\" target=\"_blank\"><i class=\"fa-regular fa-file-pdf fa-2x\"><\/i><\/a><\/td>\r\n\t\t<\/tr>\r\n\t\t<tr>\r\n\t\t\t<td>Conventions<\/td>\r\n\t\t\t<td>\u2013<\/td>\r\n\t\t\t<td><a href=\"https:\/\/www.eve.eus\/assets\/media\/BIMEP-Convenios-1.pdf\" target=\"_blank\"><i class=\"fa-regular fa-file-pdf fa-2x\"><\/i><\/a><\/td>\r\n\t\t<\/tr>\r\n\t\t<tr>\r\n\t\t\t<td>Ordres de gestion<\/td>\r\n\t\t\t<td>\u2013<\/td>\r\n\t\t\t<td><a href=\"https:\/\/www.eve.eus\/assets\/media\/BIMEP-Encargos.pdf\" target=\"_blank\"><i class=\"fa-regular fa-file-pdf fa-2x\"><\/i><\/a><\/td>\r\n\t\t<\/tr>\r\n\t\t<tr>\r\n\t\t\t<td>Plan de mesures anti-fraude<\/td>\r\n\t\t\t<td><a href=\"https:\/\/www.euskadi.eus\/y22-bopv\/es\/bopv2\/datos\/2022\/04\/2201654a.pdf\" target=\"_blank\"><i class=\"fa fa-external-link\">\u00a0<\/i><\/a><\/td>\r\n\t\t\t<td>\u2013<\/td>\r\n\t\t<\/tr>\r\n\t<\/tbody>\r\n\t<tbody>\r\n\t<\/tbody>\r\n<\/table>\r\n\r\n<table class=\"transparencia\">\r\n\t<thead>\r\n\t\t<tr>\r\n\t\t\t<th><strong>4. Information sur activit\u00e9 publique<\/strong><\/th>\r\n\t\t\t<th><strong>Lien<\/strong><\/th>\r\n\t\t\t<th><strong>PDF<\/strong><\/th>\r\n\t\t<\/tr>\r\n\t<\/thead>\r\n\t<tbody>\r\n\t\t<tr>\r\n\t\t\t<td>Presse et nouvelles<\/td>\r\n\t\t\t<td><a href=\"https:\/\/www.eve.eus\/fr\/actualites\/\" target=\"_blank\"><i class=\"fa fa-external-link\">\u00a0<\/i><\/a><\/td>\r\n\t\t\t<td>\u2013<\/td>\r\n\t\t<\/tr>\r\n\t\t<tr>\r\n\t\t\t<td>Journ\u00e9es et cours<\/td>\r\n\t\t\t<td><a href=\"https:\/\/www.eve.eus\/fr\/jours\/\" target=\"_blank\"><i class=\"fa fa-external-link\">\u00a0<\/i><\/a><\/td>\r\n\t\t\t<td>\u2013<\/td>\r\n\t\t<\/tr>\r\n\t\t<tr>\r\n\t\t\t<td>Gouvernement Basque \u2013 Eusko Jaurlaritza<\/td>\r\n\t\t\t<td><a href=\"http:\/\/www.euskadi.eus\/inicio\/\" target=\"_blank\"><i class=\"fa fa-external-link\">\u00a0<\/i><\/a><\/td>\r\n\t\t\t<td>\u2013<\/td>\r\n\t\t<\/tr>\r\n\t\t<tr>\r\n\t\t\t<td>Irekia<\/td>\r\n\t\t\t<td><a href=\"http:\/\/www.irekia.euskadi.eus\/es\" target=\"_blank\"><i class=\"fa fa-external-link\">\u00a0<\/i><\/a><\/td>\r\n\t\t\t<td>\u2013<\/td>\r\n\t\t<\/tr>\r\n\t<\/tbody>\r\n\t<tbody>\r\n\t<\/tbody>\r\n<\/table>\r\n\r\n<table class=\"transparencia\">\r\n\t<thead>\r\n\t\t<tr>\r\n\t\t\t<th><strong>5. Information \u00e9conomique, budg\u00e9taire et patrimoniale<\/strong><\/th>\r\n\t\t\t<th><strong>Lien<\/strong><\/th>\r\n\t\t\t<th><strong>PDF<\/strong><\/th>\r\n\t\t<\/tr>\r\n\t<\/thead>\r\n\t<tbody>\r\n\t\t<tr>\r\n\t\t\t<td>Budget<\/td>\r\n\t\t\t<td><a href=\"http:\/\/www.euskadi.net\/k28aVisWar\/k28aIdeES.jsp\" target=\"_blank\"><i class=\"fa fa-external-link\">\u00a0<\/i><\/a><\/td>\r\n\t\t\t<td>\u2013<\/td>\r\n\t\t<\/tr>\r\n\t\t<tr>\r\n\t\t\t<td>Audit des Comptes Annuels, R\u00e8glement des budgets de capital et d\u2019exploitation et M\u00e9moire de r\u00e9alisation des objectifs programm\u00e9s<\/td>\r\n\t\t\t<td><a href=\"http:\/\/www.euskadi.eus\/web01-a2ogafin\/es\/contenidos\/entidad\/soc_publica_20\/es_def\/index.shtml\" target=\"_blank\"><i class=\"fa fa-external-link\">\u00a0<\/i><\/a><\/td>\r\n\t\t\t<td>\r\n\t\t\t\t<a href=\"https:\/\/www.eve.eus\/assets\/media\/06.1.-BIMEP-CCAA-Auditadas.pdf\" target=\"_blank\"><i class=\"fa-regular fa-file-pdf fa-2x\"><\/i><\/a>\r\n\t\t\t\t<a href=\"https:\/\/www.eve.eus\/assets\/media\/06.2.-BIMEP-Informe-Cumplimiento-Presupuestario.pdf\" target=\"_blank\"><i class=\"fa-regular fa-file-pdf fa-2x\"><\/i><\/a> \r\n\t\t\t<\/td>\r\n\t\t<\/tr>\r\n\t\t<tr>\r\n\t\t\t<td>Biens immobiliers en propi\u00e9t\u00e9<\/td>\r\n\t\t\t<td><a href=\"http:\/\/opendata.euskadi.eus\/catalogo-datos\/?r01kQry=tC:euskadi%3btF:opendata%3btT:ds_localizaciones,ds_general%3bcO:r01e00000ff26d46222a470b862dd3e4d8b0a0cf2%3bm:documentLanguage.EQ.es%3bp:Inter\" target=\"_blank\"><i class=\"fa fa-external-link\">\u00a0<\/i><\/a><\/td>\r\n\t\t\t<td>\u2013<\/td>\r\n\t\t<\/tr>\r\n\t\t<tr>\r\n\t\t\t<td>R\u00e9mun\u00e9ration aux cadres et aux hauts responsables<\/td>\r\n\t\t\t<td><a href=\"http:\/\/opendata.euskadi.eus\/catalogo\/-\/retribuciones-altos-cargos-y-personal-eventual-gobierno-vasco-y-organismos-autonomos-y-entes-publicos\/\" target=\"_blank\"><i class=\"fa fa-external-link\">\u00a0<\/i><\/a><\/td>\r\n\t\t\t<td>\u00a0<\/td>\r\n\t\t<\/tr>\r\n\t\t<tr>\r\n\t\t\t<td>Indemnisations<\/td>\r\n\t\t\t<td><a href=\"https:\/\/opendata.euskadi.eus\/catalogo\/-\/indemnizaciones-de-directivos-de-sociedades-y-entes-publicos-desde-el-ano-2006\/\" target=\"_blank\"><i class=\"fa fa-external-link\">\u00a0<\/i><\/a><\/td>\r\n\t\t\t<td>\u00a0<\/td>\r\n\t\t<\/tr>\r\n\t\t<tr>\r\n\t\t\t<td>D\u00e9clarations annuelles de biens et d'activit\u00e9s<\/td>\r\n\t\t\t<td><a href=\"http:\/\/www.euskadi.eus\/web01-a2funpub\/es\/contenidos\/informacion\/indicador_actividad_bienes\/es_def\/index.shtml\" target=\"_blank\"><i class=\"fa fa-external-link\">\u00a0<\/i><\/a><\/td>\r\n\t\t\t<td>\u00a0<\/td>\r\n\t\t<\/tr>\r\n\t<\/tbody>\r\n\t<tbody>\r\n\t<\/tbody>\r\n<\/table>\r\n\r\n<table class=\"transparencia\">\r\n\t<thead>\r\n\t\t<tr>\r\n\t\t\t<th><strong>6. Information g\u00e9n\u00e9rale<\/strong><\/th>\r\n\t\t\t<th><strong>Lien<\/strong><\/th>\r\n\t\t\t<th><strong>PDF<\/strong><\/th>\r\n\t\t<\/tr>\r\n\t<\/thead>\r\n\t<tbody>\r\n\t\t<tr>\r\n\t\t\t<td>Soci\u00e9t\u00e9s de Participation<\/td>\r\n\t\t\t<td><a href=\"https:\/\/www.eve.eus\/fr\/qui-sommes-nous\/societes-participees\/\" target=\"_blank\"><i class=\"fa fa-external-link\">\u00a0<\/i><\/a><\/td>\r\n\t\t\t<td>\u2013<\/td>\r\n\t\t<\/tr>\r\n\t\t<tr>\r\n\t\t\t<td>Autre information du domaine \u00e9nerg\u00e9tique<\/td>\r\n\t\t\t<td><a href=\"https:\/\/www.eve.eus\/fr\/connaissez-lenergie\/que-savez-vous-sur\/\" target=\"_blank\"><i class=\"fa fa-external-link\">\u00a0<\/i><\/a><a href=\"https:\/\/bimep.com\" target=\"_blank\"><i class=\"fa fa-external-link\">\u00a0<\/i><\/a><\/td>\r\n\t\t\t<td>\u2013<\/td>\r\n\t\t<\/tr>\r\n\t\t<tr>\r\n\t\t\t<td>Contact<\/td>\r\n\t\t\t<td><a href=\"https:\/\/www.eve.eus\/fr\/contact\/\" target=\"_blank\"><i class=\"fa fa-external-link\">\u00a0<\/i><\/a><\/td>\r\n\t\t\t<td>\u2013<\/td>\r\n\t\t<\/tr>\r\n\t<\/tbody>\r\n\t<tbody>\r\n\t<\/tbody>\r\n<\/table>\r\n\r\n<table class=\"transparencia\">\r\n\t<thead>\r\n\t\t<tr>\r\n\t\t\t<th><strong>7. Acc\u00e8s \u00e0 l'information publique<\/strong><\/th>\r\n\t\t\t<th><strong>Lien<\/strong><\/th>\r\n\t\t\t<th><strong>PDF<\/strong><\/th>\r\n\t\t<\/tr>\r\n\t<\/thead>\r\n\t<tbody>\r\n\t<\/tbody>\r\n\t<tbody>\r\n\t\t<tr>\r\n\t\t\t<td>Exercer ses droits d'acc\u00e8s \u00e0 l'information publique<\/td>\r\n\t\t\t<td><a href=\"https:\/\/euskadi.eus\/interaccion_ciudadania\/acceso-a-la-informacion-publica\/y22-izapide2\/es\/\" target=\"_blank\"><i class=\"fa fa-external-link\">\u00a0<\/i><\/a><\/td>\r\n\t\t\t<td>\u2013<\/td>\r\n\t\t<\/tr>\r\n\t\t<tr>\r\n\t\t\t<td>GARDENA \u2013 Portail de la Transparence du Gouvernement Basque<\/td>\r\n\t\t\t<td><a href=\"https:\/\/www.gardena.euskadi.eus\/inicio\/\" target=\"_blank\"><i class=\"fa fa-external-link\">\u00a0<\/i><\/a><\/td>\r\n\t\t\t<td>\u2013<\/td>\r\n\t\t<\/tr>\r\n\t<\/tbody>\r\n<\/table>\r\n<\/div>\r\n<\/div>\r\n","protected":false},"excerpt":{"rendered":"<p>BIMEP 1. Information institutionnelle et organisationnelle Lien PDF D\u00e9cret portant Cr\u00e9ation \u2013 Statuts \u2013 Conseil Administrationn \u2013 Frais publics Inexistante \u2013 Personnel \u2013 Rapport Annuel \u2013 Politique Qualit\u00e9, Environnement et Pr\u00e9vention \u2013 Fonctions d\u00e9velopp\u00e9es \u2013 Legegunea, r\u00e8glementation du Pays Basque \u00a0 \u2013 R\u00e9solution d&rsquo;autorisation ou reconnaissance de la compatibilit\u00e9 \u2013 Inexistante Registre des activit\u00e9s de [&hellip;]<\/p>\n","protected":false},"author":1,"featured_media":294,"parent":5467,"menu_order":40,"comment_status":"closed","ping_status":"closed","template":"templates\/page-with-container.php","meta":{"_acf_changed":false,"footnotes":""},"class_list":["post-5869","page","type-page","status-publish","has-post-thumbnail","hentry"],"acf":[],"_links":{"self":[{"href":"https:\/\/www.eve.eus\/fr\/wp-json\/wp\/v2\/pages\/5869","targetHints":{"allow":["GET"]}}],"collection":[{"href":"https:\/\/www.eve.eus\/fr\/wp-json\/wp\/v2\/pages"}],"about":[{"href":"https:\/\/www.eve.eus\/fr\/wp-json\/wp\/v2\/types\/page"}],"author":[{"embeddable":true,"href":"https:\/\/www.eve.eus\/fr\/wp-json\/wp\/v2\/users\/1"}],"replies":[{"embeddable":true,"href":"https:\/\/www.eve.eus\/fr\/wp-json\/wp\/v2\/comments?post=5869"}],"version-history":[{"count":27,"href":"https:\/\/www.eve.eus\/fr\/wp-json\/wp\/v2\/pages\/5869\/revisions"}],"predecessor-version":[{"id":26000,"href":"https:\/\/www.eve.eus\/fr\/wp-json\/wp\/v2\/pages\/5869\/revisions\/26000"}],"up":[{"embeddable":true,"href":"https:\/\/www.eve.eus\/fr\/wp-json\/wp\/v2\/pages\/5467"}],"wp:featuredmedia":[{"embeddable":true,"href":"https:\/\/www.eve.eus\/fr\/wp-json\/wp\/v2\/media\/294"}],"wp:attachment":[{"href":"https:\/\/www.eve.eus\/fr\/wp-json\/wp\/v2\/media?parent=5869"}],"curies":[{"name":"wp","href":"https:\/\/api.w.org\/{rel}","templated":true}]}}